{"id":49,"date":"2021-03-22T12:00:54","date_gmt":"2021-03-22T11:00:54","guid":{"rendered":"http:\/\/zlobek3plock.pl\/?page_id=49"},"modified":"2026-04-24T12:41:56","modified_gmt":"2026-04-24T10:41:56","slug":"ogloszenia","status":"publish","type":"page","link":"https:\/\/zlobek3plock.pl\/","title":{"rendered":"Og\u0142oszenia"},"content":{"rendered":"\n<p class=\"has-text-align-center has-large-font-size\"><strong>Dnia 29-04-2026 (\u015broda) odb\u0119dzie si\u0119 spotkanie ze specjalnym go\u015bciem w ramach projektu czytelniczego &#8220;Maluszek w krainie ksi\u0105\u017cek&#8221;.<\/strong><\/p>\n\n\n\n<h1 class=\"wp-block-heading has-text-align-center\">Dnia 28-04-2026 (wtorek) w ramach edukacji \u017cywieniowej odb\u0119dzie si\u0119 spotkanie z dietetykiem podczas obchodzenia Dnia Marchewki. Mile widziany pomara\u0144czowy element stroju.<\/h1>\n\n\n\n<p class=\"has-text-align-center\"><\/p>\n\n\n<div class=\"wp-block-image\">\n<figure class=\"aligncenter size-full\"><img loading=\"lazy\" decoding=\"async\" width=\"427\" height=\"604\" src=\"https:\/\/zlobek3plock.pl\/wp-content\/uploads\/2026\/04\/plakat-1.png\" alt=\"\" class=\"wp-image-1853\" srcset=\"https:\/\/zlobek3plock.pl\/wp-content\/uploads\/2026\/04\/plakat-1.png 427w, https:\/\/zlobek3plock.pl\/wp-content\/uploads\/2026\/04\/plakat-1-212x300.png 212w\" sizes=\"auto, (max-width: 427px) 100vw, 427px\" \/><\/figure>\n<\/div>\n\n\n<p class=\"has-text-align-center has-vivid-red-color has-text-color has-link-color has-large-font-size wp-elements-bd3be85b0b51ea82e8a5c5f16cfed270\"><strong>DZIE\u0143 OTWARTY W NASZYM \u017b\u0141OBKU!!!<\/strong><\/p>\n\n\n\n<p class=\"has-text-align-center has-vivid-cyan-blue-color has-text-color has-link-color has-medium-font-size wp-elements-1db7fe5993649f73cb5c4754c2c1f007\"><strong>09-05-2026 W GODZINACH 9:00-11:00<\/strong><\/p>\n\n\n\n<p class=\"has-text-align-center has-link-color has-medium-font-size wp-elements-410b1c515d6441b2f4aa6dac32dc3c6b\"><strong><span style=\"text-decoration: underline;\">W PROGRAMIE:<\/span><\/strong><\/p>\n\n\n\n<p class=\"has-text-align-center has-link-color has-medium-font-size wp-elements-1c863cd8bb7fb579849e8eaae635de7d\"><strong>-&gt; DEGUSTACJA PRZYSMAK\u00d3W \u017b\u0141OBKOWYCH<\/strong><\/p>\n\n\n\n<p class=\"has-text-align-center has-link-color has-medium-font-size wp-elements-8e6fd798596f85f3ee8002789fd55aa0\"><strong>-&gt; 9:30 PRZEDSTAWIENIE TEATRALNE &#8220;CZERWONY KAPTUREK&#8221;<\/strong><\/p>\n\n\n\n<p class=\"has-text-align-center has-link-color has-medium-font-size wp-elements-35d952bbe1654c387ddf2eb64dadcc84\"><strong>-&gt; TATUA\u017bE BROKATOWE, MALOWANIE BUZIEK, WARKOCZYKI, BALONOWE ZOO<\/strong><\/p>\n\n\n\n<p class=\"has-text-align-center has-link-color has-medium-font-size wp-elements-11d423f3f461b229b3458d90d6545d66\"><strong>-&gt; ZABAWY TANECZNE Z MASZ\u0104 I NIED\u0179WIEDZIEM<\/strong><\/p>\n\n\n\n<p class=\"has-text-align-center has-link-color has-medium-font-size wp-elements-d62adebdc3096682644c63254bf0d8a3\"><strong>-&gt; ZABAWY: SENSO-MOTORYCZNE, MUZYCZNE, RUCHOWE<\/strong><\/p>\n\n\n\n<p class=\"has-text-align-center\"><\/p>\n\n\n\n<p><\/p>\n\n\n\n<p><strong>PRZERWA WAKACYJNA W \u017b\u0141OBKU MIEJSKIM NR 3 ZOSTA\u0141A USTALONA NA MIESI\u0104C <u>SIERPIE\u0143 2026<\/u>. W TYM CZASIE DY\u017bUR B\u0118D\u0104 PE\u0141NI\u0106:<\/strong><\/p>\n\n\n\n<p><strong>1. \u017b\u0141OBEK MIEJSKI NR 1, UL. POLNA 25, TEL: 24&nbsp;263 49 90<\/strong><\/p>\n\n\n\n<p><strong>2. \u017b\u0141OBEK MIEJSKI NR 4, UL. LACHMANA 10, TEL: 24&nbsp;263 66 88<\/strong><\/p>\n\n\n\n<p><strong>ZAPISY W WY\u017bEJ WYMIENIONYCH \u017b\u0141OBKACH NA DY\u017bUR ROZPOCZN\u0104 SI\u0118 <span style=\"text-decoration: underline;\">18 MAJA 2026.<\/span><\/strong><\/p>\n\n\n\n<p class=\"has-text-align-center\"><\/p>\n\n\n\n<p class=\"has-text-align-center\"><\/p>\n\n\n\n<p class=\"has-text-align-center\"><\/p>\n\n\n\n<p class=\"has-text-align-center\"><\/p>\n\n\n\n<h2 class=\"wp-block-heading\"><\/h2>\n\n\n\n<p class=\"has-text-align-center\"><\/p>\n\n\n\n<p class=\"has-text-align-center\"><\/p>\n\n\n<div class=\"default-style\">\u00a0<\/div>\n\n\n<div data-wp-interactive=\"core\/file\" class=\"wp-block-file\"><object data-wp-bind--hidden=\"!state.hasPdfPreview\" hidden class=\"wp-block-file__embed\" data=\"https:\/\/zlobek3plock.pl\/wp-content\/uploads\/2025\/03\/Plakat_bezplatne-teleporady_NFZ.pdf\" type=\"application\/pdf\" style=\"width:100%;height:600px\" aria-label=\"Embed of Plakat_bezplatne-teleporady_NFZ.\"><\/object><a id=\"wp-block-file--media-2927f5fb-86ed-44e8-b69d-76e631ea31c9\" href=\"https:\/\/zlobek3plock.pl\/wp-content\/uploads\/2025\/03\/Plakat_bezplatne-teleporady_NFZ.pdf\">Plakat_bezplatne-teleporady_NFZ<\/a><a href=\"https:\/\/zlobek3plock.pl\/wp-content\/uploads\/2025\/03\/Plakat_bezplatne-teleporady_NFZ.pdf\" class=\"wp-block-file__button wp-element-button\" download aria-describedby=\"wp-block-file--media-2927f5fb-86ed-44e8-b69d-76e631ea31c9\">Pobierz<\/a><\/div>\n\n\n\n<div data-wp-interactive=\"core\/file\" class=\"wp-block-file\"><object data-wp-bind--hidden=\"!state.hasPdfPreview\" hidden class=\"wp-block-file__embed\" data=\"https:\/\/zlobek3plock.pl\/wp-content\/uploads\/2025\/03\/Oferta-OIK.pdf\" type=\"application\/pdf\" style=\"width:100%;height:600px\" aria-label=\"Embed of Oferta OIK.\"><\/object><a id=\"wp-block-file--media-9dff5507-9879-40a8-be64-1a9e682d49da\" href=\"https:\/\/zlobek3plock.pl\/wp-content\/uploads\/2025\/03\/Oferta-OIK.pdf\">Oferta OIK<\/a><a href=\"https:\/\/zlobek3plock.pl\/wp-content\/uploads\/2025\/03\/Oferta-OIK.pdf\" class=\"wp-block-file__button wp-element-button\" download aria-describedby=\"wp-block-file--media-9dff5507-9879-40a8-be64-1a9e682d49da\">Pobierz<\/a><\/div>\n\n\n\n<p><\/p>\n","protected":false},"excerpt":{"rendered":"<p>Dnia 29-04-2026 (\u015broda) odb\u0119dzie si\u0119 spotkanie ze specjalnym go\u015bciem w ramach projektu czytelniczego &#8220;Maluszek w krainie ksi\u0105\u017cek&#8221;. Dnia 28-04-2026 (wtorek) w ramach edukacji \u017cywieniowej odb\u0119dzie si\u0119 spotkanie z dietetykiem podczas obchodzenia Dnia Marchewki. Mile widziany pomara\u0144czowy element stroju. DZIE\u0143 OTWARTY W NASZYM \u017b\u0141OBKU!!! 09-05-2026 W GODZINACH 9:00-11:00 W PROGRAMIE: -&gt; DEGUSTACJA PRZYSMAK\u00d3W \u017b\u0141OBKOWYCH -&gt; 9:30&hellip; <a class=\"continue\" href=\"https:\/\/zlobek3plock.pl\/\">Continue Reading<span> Og\u0142oszenia<\/span><\/a><\/p>\n","protected":false},"author":1,"featured_media":0,"parent":0,"menu_order":0,"comment_status":"closed","ping_status":"closed","template":"","meta":{"footnotes":""},"class_list":["post-49","page","type-page","status-publish","hentry"],"yoast_head":"<!-- This site is optimized with the Yoast SEO plugin v24.9 - https:\/\/yoast.com\/wordpress\/plugins\/seo\/ -->\n<title>Og\u0142oszenia - \u017b\u0142obek Miejski nr 3 w P\u0142ocku<\/title>\n<meta name=\"robots\" content=\"index, follow, max-snippet:-1, max-image-preview:large, max-video-preview:-1\" \/>\n<link rel=\"canonical\" href=\"https:\/\/zlobek3plock.pl\/\" \/>\n<meta property=\"og:locale\" content=\"en_US\" \/>\n<meta property=\"og:type\" content=\"article\" \/>\n<meta property=\"og:title\" content=\"Og\u0142oszenia - \u017b\u0142obek Miejski nr 3 w P\u0142ocku\" \/>\n<meta property=\"og:description\" content=\"Dnia 29-04-2026 (\u015broda) odb\u0119dzie si\u0119 spotkanie ze specjalnym go\u015bciem w ramach projektu czytelniczego &#8220;Maluszek w krainie ksi\u0105\u017cek&#8221;. Dnia 28-04-2026 (wtorek) w ramach edukacji \u017cywieniowej odb\u0119dzie si\u0119 spotkanie z dietetykiem podczas obchodzenia Dnia Marchewki. Mile widziany pomara\u0144czowy element stroju. DZIE\u0143 OTWARTY W NASZYM \u017b\u0141OBKU!!! 09-05-2026 W GODZINACH 9:00-11:00 W PROGRAMIE: -&gt; DEGUSTACJA PRZYSMAK\u00d3W \u017b\u0141OBKOWYCH -&gt; 9:30&hellip; Continue Reading Og\u0142oszenia\" \/>\n<meta property=\"og:url\" content=\"https:\/\/zlobek3plock.pl\/\" \/>\n<meta property=\"og:site_name\" content=\"\u017b\u0142obek Miejski nr 3 w P\u0142ocku\" \/>\n<meta property=\"article:modified_time\" content=\"2026-04-24T10:41:56+00:00\" \/>\n<meta property=\"og:image\" content=\"https:\/\/zlobek3plock.pl\/wp-content\/uploads\/2026\/04\/plakat-1.png\" \/>\n\t<meta property=\"og:image:width\" content=\"427\" \/>\n\t<meta property=\"og:image:height\" content=\"604\" \/>\n\t<meta property=\"og:image:type\" content=\"image\/png\" \/>\n<meta name=\"twitter:card\" content=\"summary_large_image\" \/>\n<meta name=\"twitter:label1\" content=\"Est. reading time\" \/>\n\t<meta name=\"twitter:data1\" content=\"1 minute\" \/>\n<script type=\"application\/ld+json\" class=\"yoast-schema-graph\">{\"@context\":\"https:\/\/schema.org\",\"@graph\":[{\"@type\":\"WebPage\",\"@id\":\"https:\/\/zlobek3plock.pl\/\",\"url\":\"https:\/\/zlobek3plock.pl\/\",\"name\":\"Og\u0142oszenia - \u017b\u0142obek Miejski nr 3 w P\u0142ocku\",\"isPartOf\":{\"@id\":\"https:\/\/zlobek3plock.pl\/#website\"},\"primaryImageOfPage\":{\"@id\":\"https:\/\/zlobek3plock.pl\/#primaryimage\"},\"image\":{\"@id\":\"https:\/\/zlobek3plock.pl\/#primaryimage\"},\"thumbnailUrl\":\"https:\/\/zlobek3plock.pl\/wp-content\/uploads\/2026\/04\/plakat-1.png\",\"datePublished\":\"2021-03-22T11:00:54+00:00\",\"dateModified\":\"2026-04-24T10:41:56+00:00\",\"breadcrumb\":{\"@id\":\"https:\/\/zlobek3plock.pl\/#breadcrumb\"},\"inLanguage\":\"en-US\",\"potentialAction\":[{\"@type\":\"ReadAction\",\"target\":[\"https:\/\/zlobek3plock.pl\/\"]}]},{\"@type\":\"ImageObject\",\"inLanguage\":\"en-US\",\"@id\":\"https:\/\/zlobek3plock.pl\/#primaryimage\",\"url\":\"https:\/\/zlobek3plock.pl\/wp-content\/uploads\/2026\/04\/plakat-1.png\",\"contentUrl\":\"https:\/\/zlobek3plock.pl\/wp-content\/uploads\/2026\/04\/plakat-1.png\",\"width\":427,\"height\":604},{\"@type\":\"BreadcrumbList\",\"@id\":\"https:\/\/zlobek3plock.pl\/#breadcrumb\",\"itemListElement\":[{\"@type\":\"ListItem\",\"position\":1,\"name\":\"Home\",\"item\":\"https:\/\/zlobek3plock.pl\/\"},{\"@type\":\"ListItem\",\"position\":2,\"name\":\"Og\u0142oszenia\"}]},{\"@type\":\"WebSite\",\"@id\":\"https:\/\/zlobek3plock.pl\/#website\",\"url\":\"https:\/\/zlobek3plock.pl\/\",\"name\":\"\u017b\u0142obek Miejski nr 3 w P\u0142ocku\",\"description\":\"\",\"potentialAction\":[{\"@type\":\"SearchAction\",\"target\":{\"@type\":\"EntryPoint\",\"urlTemplate\":\"https:\/\/zlobek3plock.pl\/?s={search_term_string}\"},\"query-input\":{\"@type\":\"PropertyValueSpecification\",\"valueRequired\":true,\"valueName\":\"search_term_string\"}}],\"inLanguage\":\"en-US\"}]}<\/script>\n<!-- \/ Yoast SEO plugin. -->","yoast_head_json":{"title":"Og\u0142oszenia - \u017b\u0142obek Miejski nr 3 w P\u0142ocku","robots":{"index":"index","follow":"follow","max-snippet":"max-snippet:-1","max-image-preview":"max-image-preview:large","max-video-preview":"max-video-preview:-1"},"canonical":"https:\/\/zlobek3plock.pl\/","og_locale":"en_US","og_type":"article","og_title":"Og\u0142oszenia - \u017b\u0142obek Miejski nr 3 w P\u0142ocku","og_description":"Dnia 29-04-2026 (\u015broda) odb\u0119dzie si\u0119 spotkanie ze specjalnym go\u015bciem w ramach projektu czytelniczego &#8220;Maluszek w krainie ksi\u0105\u017cek&#8221;. Dnia 28-04-2026 (wtorek) w ramach edukacji \u017cywieniowej odb\u0119dzie si\u0119 spotkanie z dietetykiem podczas obchodzenia Dnia Marchewki. Mile widziany pomara\u0144czowy element stroju. DZIE\u0143 OTWARTY W NASZYM \u017b\u0141OBKU!!! 09-05-2026 W GODZINACH 9:00-11:00 W PROGRAMIE: -&gt; DEGUSTACJA PRZYSMAK\u00d3W \u017b\u0141OBKOWYCH -&gt; 9:30&hellip; Continue Reading Og\u0142oszenia","og_url":"https:\/\/zlobek3plock.pl\/","og_site_name":"\u017b\u0142obek Miejski nr 3 w P\u0142ocku","article_modified_time":"2026-04-24T10:41:56+00:00","og_image":[{"width":427,"height":604,"url":"https:\/\/zlobek3plock.pl\/wp-content\/uploads\/2026\/04\/plakat-1.png","type":"image\/png"}],"twitter_card":"summary_large_image","twitter_misc":{"Est. reading time":"1 minute"},"schema":{"@context":"https:\/\/schema.org","@graph":[{"@type":"WebPage","@id":"https:\/\/zlobek3plock.pl\/","url":"https:\/\/zlobek3plock.pl\/","name":"Og\u0142oszenia - \u017b\u0142obek Miejski nr 3 w P\u0142ocku","isPartOf":{"@id":"https:\/\/zlobek3plock.pl\/#website"},"primaryImageOfPage":{"@id":"https:\/\/zlobek3plock.pl\/#primaryimage"},"image":{"@id":"https:\/\/zlobek3plock.pl\/#primaryimage"},"thumbnailUrl":"https:\/\/zlobek3plock.pl\/wp-content\/uploads\/2026\/04\/plakat-1.png","datePublished":"2021-03-22T11:00:54+00:00","dateModified":"2026-04-24T10:41:56+00:00","breadcrumb":{"@id":"https:\/\/zlobek3plock.pl\/#breadcrumb"},"inLanguage":"en-US","potentialAction":[{"@type":"ReadAction","target":["https:\/\/zlobek3plock.pl\/"]}]},{"@type":"ImageObject","inLanguage":"en-US","@id":"https:\/\/zlobek3plock.pl\/#primaryimage","url":"https:\/\/zlobek3plock.pl\/wp-content\/uploads\/2026\/04\/plakat-1.png","contentUrl":"https:\/\/zlobek3plock.pl\/wp-content\/uploads\/2026\/04\/plakat-1.png","width":427,"height":604},{"@type":"BreadcrumbList","@id":"https:\/\/zlobek3plock.pl\/#breadcrumb","itemListElement":[{"@type":"ListItem","position":1,"name":"Home","item":"https:\/\/zlobek3plock.pl\/"},{"@type":"ListItem","position":2,"name":"Og\u0142oszenia"}]},{"@type":"WebSite","@id":"https:\/\/zlobek3plock.pl\/#website","url":"https:\/\/zlobek3plock.pl\/","name":"\u017b\u0142obek Miejski nr 3 w P\u0142ocku","description":"","potentialAction":[{"@type":"SearchAction","target":{"@type":"EntryPoint","urlTemplate":"https:\/\/zlobek3plock.pl\/?s={search_term_string}"},"query-input":{"@type":"PropertyValueSpecification","valueRequired":true,"valueName":"search_term_string"}}],"inLanguage":"en-US"}]}},"_links":{"self":[{"href":"https:\/\/zlobek3plock.pl\/index.php?rest_route=\/wp\/v2\/pages\/49","targetHints":{"allow":["GET"]}}],"collection":[{"href":"https:\/\/zlobek3plock.pl\/index.php?rest_route=\/wp\/v2\/pages"}],"about":[{"href":"https:\/\/zlobek3plock.pl\/index.php?rest_route=\/wp\/v2\/types\/page"}],"author":[{"embeddable":true,"href":"https:\/\/zlobek3plock.pl\/index.php?rest_route=\/wp\/v2\/users\/1"}],"replies":[{"embeddable":true,"href":"https:\/\/zlobek3plock.pl\/index.php?rest_route=%2Fwp%2Fv2%2Fcomments&post=49"}],"version-history":[{"count":168,"href":"https:\/\/zlobek3plock.pl\/index.php?rest_route=\/wp\/v2\/pages\/49\/revisions"}],"predecessor-version":[{"id":1865,"href":"https:\/\/zlobek3plock.pl\/index.php?rest_route=\/wp\/v2\/pages\/49\/revisions\/1865"}],"wp:attachment":[{"href":"https:\/\/zlobek3plock.pl\/index.php?rest_route=%2Fwp%2Fv2%2Fmedia&parent=49"}],"curies":[{"name":"wp","href":"https:\/\/api.w.org\/{rel}","templated":true}]}}