{"id":1225,"date":"2024-10-04T07:23:03","date_gmt":"2024-10-04T05:23:03","guid":{"rendered":"https:\/\/zlobek3plock.pl\/?page_id=1225"},"modified":"2024-10-04T07:25:02","modified_gmt":"2024-10-04T05:25:02","slug":"swiadczenie-aktywnie-w-zlobku","status":"publish","type":"page","link":"https:\/\/zlobek3plock.pl\/?page_id=1225","title":{"rendered":"\u015awiadczenie &#8220;AKTYWNIE W \u017b\u0141OBKU&#8221;"},"content":{"rendered":"<p><strong>\u015awiadczenie aktywnie w \u017c\u0142obku<\/strong><\/p>\n<p><strong>Komu przys\u0142uguje \u015bwiadczenie aktywnie w \u017c\u0142obku<\/strong><\/p>\n<p>\u015awiadczenie aktywnie w \u017c\u0142obku przys\u0142uguje Ci, je\u015bli jeste\u015b:<\/p>\n<ol>\n<li>rodzicem (matk\u0105 albo ojcem),<\/li>\n<li>opiekunem prawnym,<\/li>\n<li>osob\u0105, kt\u00f3rej s\u0105d powierzy\u0142 opiek\u0119 nad dzieckiem, w szczeg\u00f3lno\u015bci:<\/li>\n<\/ol>\n<ul>\n<li>jeste\u015b rodzicem zast\u0119pczym,<\/li>\n<li>prowadzisz rodzinny dom dziecka,<\/li>\n<li>sprawujesz piecz\u0119 bie\u017c\u0105c\u0105 nad dzieckiem powierzon\u0105 orzeczeniem s\u0105du,<\/li>\n<li>wyst\u0105pi\u0142e\u015b do s\u0105du o przysposobienie dziecka i s\u0105d powierzy\u0142 Ci opiek\u0119 do czasu zako\u0144czenia procesu adopcji,<\/li>\n<li>jeste\u015b dyrektorem plac\u00f3wki opieku\u0144czo-wychowawczej, regionalnej plac\u00f3wki opieku\u0144czo-terapeutycznej lub interwencyjnego o\u015brodka preadopcyjnego,<\/li>\n<li>jeste\u015b opiekunem tymczasowym (w przypadku obywateli Ukrainy).<\/li>\n<\/ul>\n<p>\u015awiadczenie to przys\u0142uguje na wniosek i mog\u0105 go z\u0142o\u017cy\u0107 tylko wymienione osoby [<a href=\"https:\/\/www.zus.pl\/aktywnyrodzic\/wiadczenie-aktywnie-w-zlobku#1\">1<\/a>].<\/p>\n<p><strong>Co z obywatelami Ukrainy<\/strong><\/p>\n<p>\u015awiadczenie aktywnie w \u017c\u0142obku przys\u0142uguje obywatelom Ukrainy, kt\u00f3rzy przybyli do Polski w zwi\u0105zku z dzia\u0142aniami wojennymi, je\u017celi przebywali legalnie w Polsce jako osoby ze statusem ?UKR? nieprzerwanie przez co najmniej 365 dni. Warunek ten dotyczy r\u00f3wnie\u017c dziecka obywatela Ukrainy, kt\u00f3re ma status ?UKR? (dotyczy obywateli Ukrainy, kt\u00f3rzy mog\u0105 uzyska\u0107 prawo do tego \u015bwiadczenia na podstawie art. 26 ust. 1 pkt 6 ustawy o pomocy obywatelom Ukrainy).<\/p>\n<p><strong>Na kogo przys\u0142uguje \u015bwiadczenie<\/strong><\/p>\n<p>\u015awiadczenie przys\u0142uguje na dzieci, kt\u00f3re ucz\u0119szczaj\u0105 do \u017c\u0142obka, klubu dzieci\u0119cego (znajduj\u0105cego si\u0119 w rejestrze \u017c\u0142obk\u00f3w i klub\u00f3w dzieci\u0119cych) lub s\u0105 obj\u0119te opiek\u0105 opiekuna dziennego (znajduj\u0105cego si\u0119 w wykazie opiekun\u00f3w dziennych).<\/p>\n<p>Informacje o okresie ucz\u0119szczania dziecka do plac\u00f3wki oraz kwocie miesi\u0119cznej op\u0142aty za plac\u00f3wk\u0119 pozyskujemy elektronicznie z rejestru \u017c\u0142obk\u00f3w i wykazu dziennych opiekun\u00f3w prowadzonego przez Ministerstwo Rodziny, Pracy i Polityki Spo\u0142ecznej (MRPiPS) oraz zasilanego danymi co miesi\u0105c przez plac\u00f3wki.<\/p>\n<p>\u015awiadczenie przys\u0142uguje na dofinansowanie koszt\u00f3w obj\u0119cia dziecka opiek\u0105 w \u017c\u0142obku, klubie dzieci\u0119cym albo sprawowan\u0105 przez dziennego opiekuna. Zast\u0105pi ono dotychczasowe dofinansowanie do \u017c\u0142obka, do kt\u00f3rego prawo powsta\u0142o przed 1 pa\u017adziernika 2024 r. [<a href=\"https:\/\/www.zus.pl\/aktywnyrodzic\/wiadczenie-aktywnie-w-zlobku#2\">2<\/a>].<\/p>\n<p>\u015awiadczenie przys\u0142uguje do ko\u0144ca roku szkolnego, w kt\u00f3rym dziecko sko\u0144czy 3 lata, a gdy obj\u0119cie dziecka wychowaniem przedszkolnym jest niemo\u017cliwe lub utrudnione ? do ko\u0144ca roku szkolnego, w kt\u00f3rym dziecko ko\u0144czy 4 lata.<\/p>\n<p>Nie ma pocz\u0105tkowego wieku dziecka, od kt\u00f3rego przys\u0142ugiwa\u0142oby \u015bwiadczenie. Warunkiem jest ucz\u0119szczanie dziecka do plac\u00f3wki i potwierdzenie tego w rejestrze \u017c\u0142obk\u00f3w albo w wykazie dziennych opiekun\u00f3w.<\/p>\n<p>\u015awiadczenie przys\u0142uguje bez wzgl\u0119du na doch\u00f3d w rodzinie.<\/p>\n<p><strong>Ile wynosi \u015bwiadczenie aktywnie w \u017c\u0142obku<\/strong><\/p>\n<p>\u015awiadczenie przys\u0142uguje w wysoko\u015bci:<\/p>\n<ol>\n<li>do 1500 z\u0142otych miesi\u0119cznie na dziecko,<\/li>\n<li>do 1900 z\u0142otych miesi\u0119cznie ? je\u017celi dziecko ma orzeczenie o niepe\u0142nosprawno\u015bci \u0142\u0105cznie ze wskazaniami:<\/li>\n<\/ol>\n<ul>\n<li>konieczno\u015bci sta\u0142ej lub d\u0142ugotrwa\u0142ej opieki lub pomocy innej osoby w zwi\u0105zku ze znacznie ograniczon\u0105 mo\u017cliwo\u015bci\u0105 samodzielnej egzystencji oraz<\/li>\n<li>konieczno\u015bci sta\u0142ego wsp\u00f3\u0142udzia\u0142u na co dzie\u0144 opiekuna dziecka w procesie jego leczenia, rehabilitacji i edukacji<\/li>\n<\/ul>\n<p>? nie wi\u0119cej jednak ni\u017c wysoko\u015b\u0107 op\u0142aty rodzica za pobyt dziecka w \u017c\u0142obku, klubie dzieci\u0119cym lub u dziennego opiekuna.<\/p>\n<p>Gdy dziecko, zgodnie z orzeczeniem s\u0105du, jest pod opiek\u0105 naprzemienn\u0105, kwot\u0119 \u015bwiadczenia ustala si\u0119 ka\u017cdemu z rodzic\u00f3w w wysoko\u015bci po\u0142owy \u015bwiadczenia. Nie mo\u017ce to by\u0107 wi\u0119cej ni\u017c wysoko\u015b\u0107 przypadaj\u0105cej na danego rodzica miesi\u0119cznej op\u0142aty za pobyt dziecka w \u017c\u0142obku, klubie dzieci\u0119cym lub u dziennego opiekuna.<\/p>\n<p>Od \u015bwiadczenia nie pobiera si\u0119:<\/p>\n<ul>\n<li>zaliczki na podatek dochodowy od os\u00f3b fizycznych,<\/li>\n<li>sk\u0142adek na ubezpieczenia spo\u0142eczne,<\/li>\n<li>sk\u0142adek na ubezpieczenie zdrowotne.<\/li>\n<\/ul>\n<p>\u015awiadczenie nie podlega egzekucji administracyjnej i komorniczej.<\/p>\n<p><strong>Co oznacza ?miesi\u0119czna op\u0142ata rodzica za pobyt dziecka w \u017c\u0142obku, klubie dzieci\u0119cym lub u dziennego opiekuna?<\/strong><\/p>\n<p>Miesi\u0119czna op\u0142ata rodzica za pobyt dziecka w \u017c\u0142obku, klubie dzieci\u0119cym lub u dziennego opiekuna oznacza:<\/p>\n<ul>\n<li>je\u015bli jeste\u015b rodzicem, kt\u00f3ry ubiega si\u0119 o \u015bwiadczenie ? dzienn\u0105 op\u0142at\u0119, jak\u0105 ponosisz za pobyt dziecka w \u017c\u0142obku, klubie dzieci\u0119cym lub u dziennego opiekuna, pomno\u017con\u0105 przez liczb\u0119 dni w danym miesi\u0105cu;<\/li>\n<li>je\u015bli jeste\u015b rodzicem, kt\u00f3ry otrzymuje \u015bwiadczenie ? dzienn\u0105 op\u0142at\u0119 za pobyt dziecka w \u017c\u0142obku, klubie dzieci\u0119cym lub u dziennego opiekuna pomno\u017con\u0105 przez liczb\u0119 dni w danym miesi\u0105cu, kt\u00f3r\u0105 by\u015b ponosi\u0142 [<a href=\"https:\/\/www.zus.pl\/aktywnyrodzic\/wiadczenie-aktywnie-w-zlobku#3\">3<\/a>].<\/li>\n<\/ul>\n<p>Do tej op\u0142aty nie wlicza si\u0119 op\u0142aty za wy\u017cywienie.<\/p>\n<p><strong>Ile wyniesie \u015bwiadczenie za dany miesi\u0105c, je\u015bli dziecko zacznie ucz\u0119szcza\u0107 do plac\u00f3wki w trakcie miesi\u0105ca<\/strong><\/p>\n<p>Miesi\u0119czna kwota \u015bwiadczenia aktywnie w \u017c\u0142obku nie zale\u017cy od dnia, w kt\u00f3rym dziecko zacz\u0119\u0142o ucz\u0119szcza\u0107 do plac\u00f3wki.<\/p>\n<p><strong>Komu wyp\u0142acamy \u015bwiadczenie aktywnie w \u017c\u0142obku<\/strong><\/p>\n<p>\u015awiadczenie aktywnie w \u017c\u0142obku nie jest wyp\u0142acane rodzicowi\/opiekunowi dziecka. \u015awiadczenie to przekazujemy na rachunek bankowy podmiotu, kt\u00f3ry prowadzi \u017c\u0142obek, klub dzieci\u0119cy, zatrudnia dziennego opiekuna lub na konto bankowe dziennego opiekuna prowadz\u0105cego dzia\u0142alno\u015b\u0107 na w\u0142asny rachunek [<a href=\"https:\/\/www.zus.pl\/aktywnyrodzic\/wiadczenie-aktywnie-w-zlobku#4\">4<\/a>].<\/p>\n<p>Gdy \u015bwiadczenie zosta\u0142o ju\u017c wyp\u0142acone, a w danym miesi\u0105cu zmieni\u0142a si\u0119 wysoko\u015b\u0107 op\u0142aty za pobyt dziecka w \u017c\u0142obku, klubie dzieci\u0119cym lub u dziennego opiekuna, r\u00f3\u017cnica jest rozliczana w wyp\u0142acie za kolejny miesi\u0105c. Rozliczenie nie wymaga wydania decyzji [<a href=\"https:\/\/www.zus.pl\/aktywnyrodzic\/wiadczenie-aktywnie-w-zlobku#5\">5<\/a>].<\/p>\n<p><strong>Kiedy nie przys\u0142uguje \u015bwiadczenie aktywnie w \u017c\u0142obku<\/strong><\/p>\n<p>\u015awiadczenie nie przys\u0142uguje, je\u017celi na to samo dziecko za dany miesi\u0105c:<\/p>\n<ul>\n<li>przyznali\u015bmy Ci \u015bwiadczenie aktywni rodzice w pracy,<\/li>\n<li>przyznali\u015bmy Ci \u015bwiadczenie aktywnie w domu [<a href=\"https:\/\/www.zus.pl\/aktywnyrodzic\/wiadczenie-aktywnie-w-zlobku#6\">6<\/a>].<\/li>\n<\/ul>\n<p>\u015awiadczenie aktywnie w \u017c\u0142obku nie przys\u0142uguje r\u00f3wnie\u017c wtedy, kiedy op\u0142ata za pobyt dziecka w \u017c\u0142obku, klubie dzieci\u0119cym lub u dziennego opiekuna jest wy\u017csza ni\u017c ustawowo okre\u015blony maksymalny koszt pobytu dziecka w takiej plac\u00f3wce. Od 1 pa\u017adziernika 2024 r. do 31 marca 2025 r. limit ten wynosi 2200 z\u0142 [<a href=\"https:\/\/www.zus.pl\/aktywnyrodzic\/wiadczenie-aktywnie-w-zlobku#7\">7<\/a>]. Limity na kolejne okresy b\u0119d\u0105 og\u0142aszane w ?Monitorze Polskim?, w obwieszczeniu ministra rodziny, do 31 marca danego roku na okres od 1 kwietnia danego roku do 31 marca nast\u0119pnego roku.<\/p>\n<p><strong>Jak z\u0142o\u017cy\u0107 wniosek<\/strong><\/p>\n<p>Wniosek mo\u017cesz z\u0142o\u017cy\u0107 wy\u0142\u0105cznie elektronicznie <strong>od 1 pa\u017adziernika 2024 r.<\/strong><\/p>\n<p><strong>Jakie dokumenty do\u0142\u0105czy\u0107 do wniosku<\/strong><\/p>\n<p><strong>Dla rodzic\u00f3w z opiek\u0105 naprzemienn\u0105<\/strong><\/p>\n<p>Do\u0142\u0105cz do wniosku prawomocne orzeczenie s\u0105du potwierdzaj\u0105ce opiek\u0119 naprzemienn\u0105.<\/p>\n<p><strong>Dla opiekuna faktycznego<\/strong><\/p>\n<p>Je\u015bli jeste\u015b opiekunem faktycznym, do\u0142\u0105cz do wniosku:<\/p>\n<ul>\n<li>za\u015bwiadczenie s\u0105du opieku\u0144czego lub o\u015brodka adopcyjnego o prowadzonym post\u0119powaniu s\u0105dowym w sprawie o przysposobienie dziecka ? za\u015bwiadczenie to musi zawiera\u0107 dat\u0119 wyst\u0105pienia do s\u0105du opieku\u0144czego z wnioskiem o wszcz\u0119cie post\u0119powania w sprawie przysposobienia dziecka oraz<\/li>\n<li>o\u015bwiadczenie o dacie przyj\u0119cia dziecka na wychowanie.<\/li>\n<\/ul>\n<p><strong>Dla opiekuna prawnego<\/strong><\/p>\n<p>Je\u015bli jeste\u015b opiekunem prawnym (czyli wyst\u0105pi\u0142e\u015b do s\u0105du o przysposobienie dziecka i s\u0105d powierzy\u0142 Ci opiek\u0119 do czasu zako\u0144czenia procesu adopcji),\u00a0 do\u0142\u0105cz do wniosku orzeczenie s\u0105du opieku\u0144czego o ustaleniu Ci\u0119 opiekunem prawnym dziecka.<\/p>\n<p><strong>Dla osoby sprawuj\u0105cej piecz\u0119 zast\u0119pcz\u0105<\/strong><\/p>\n<p>Je\u015bli sprawujesz piecz\u0119 zast\u0119pcz\u0105, czyli:<\/p>\n<ul>\n<li>jeste\u015b rodzicem zast\u0119pczym,<\/li>\n<li>prowadzisz rodzinny dom dziecka,<\/li>\n<li>jeste\u015b dyrektorem plac\u00f3wki opieku\u0144czo-wychowawczej, regionalnej plac\u00f3wki opieku\u0144czo-terapeutycznej lub interwencyjnego o\u015brodka preadopcyjnego<\/li>\n<\/ul>\n<p>? do\u0142\u0105cz do wniosku za\u015bwiadczenie powiatowego centrum pomocy rodzinie o umieszczeniu dziecka w rodzinie zast\u0119pczej, rodzinnym domu dziecka, plac\u00f3wce opieku\u0144czo-wychowawczej, regionalnej plac\u00f3wce opieku\u0144czo-terapeutycznej albo interwencyjnym o\u015brodku preadopcyjnym, wraz z dat\u0105 umieszczenia w pieczy.<\/p>\n<p><strong>Do kiedy z\u0142o\u017cy\u0107 wniosek<\/strong><\/p>\n<p>Wniosek o \u015bwiadczenie aktywnie w \u017c\u0142obku mo\u017cesz z\u0142o\u017cy\u0107 najwcze\u015bniej w dniu, w kt\u00f3rym dziecko zacznie ucz\u0119szcza\u0107 do \u017c\u0142obka lub klubu dzieci\u0119cego albo trafi pod opiek\u0119 dziennego opiekuna.<\/p>\n<p>Je\u015bli z\u0142o\u017cysz wniosek:<\/p>\n<ul>\n<li>w ci\u0105gu 2 miesi\u0119cy, od kiedy dziecko zacz\u0119\u0142o ucz\u0119szcza\u0107 do plac\u00f3wki ? prawo do \u015bwiadczenia uzyskasz od tego dnia [<a href=\"https:\/\/www.zus.pl\/aktywnyrodzic\/wiadczenie-aktywnie-w-zlobku#8\">8<\/a>],<\/li>\n<li>w ci\u0105gu 3 miesi\u0119cy od 1 pa\u017adziernika 2024 r. (czyli od dnia wej\u015bcia w \u017cycie ustawy) ? prawo do \u015bwiadczenia uzyskasz od 1 pa\u017adziernika [<a href=\"https:\/\/www.zus.pl\/aktywnyrodzic\/wiadczenie-aktywnie-w-zlobku#9\">9<\/a>], o ile s\u0105 spe\u0142nione pozosta\u0142e warunki.<\/li>\n<\/ul>\n<p><strong>Na jaki okres ustalamy prawo do \u015bwiadczenia<\/strong><\/p>\n<p>Prawo do \u015bwiadczenia aktywnie w \u017c\u0142obku ustalamy od miesi\u0105ca:<\/p>\n<ul>\n<li>w kt\u00f3rym wp\u0142yn\u0105\u0142 wniosek, nie wcze\u015bniej jednak ni\u017c od dnia, w kt\u00f3rym dziecko zacznie ucz\u0119szcza\u0107 do \u017c\u0142obka, klubu dzieci\u0119cego lub b\u0119dzie pod opiek\u0105 dziennego opiekuna,<\/li>\n<li>w kt\u00f3rym dziecko zacz\u0119\u0142o ucz\u0119szcza\u0107 do \u017c\u0142obka, klubu dzieci\u0119cego lub jest pod opiek\u0105 dziennego opiekuna ? je\u015bli z\u0142o\u017cysz wniosek w ci\u0105gu 2 miesi\u0119cy od tej daty,<\/li>\n<li>od 1 pa\u017adziernika 2024 r. ? je\u015bli z\u0142o\u017cysz wniosek w ci\u0105gu 3 miesi\u0119cy od tej daty (daty wej\u015bcia w \u017cycie ustawy).<\/li>\n<\/ul>\n","protected":false},"excerpt":{"rendered":"<p>\u015awiadczenie aktywnie w \u017c\u0142obku Komu przys\u0142uguje \u015bwiadczenie aktywnie w \u017c\u0142obku \u015awiadczenie aktywnie w \u017c\u0142obku przys\u0142uguje Ci, je\u015bli jeste\u015b: rodzicem (matk\u0105 albo ojcem), opiekunem prawnym, osob\u0105, kt\u00f3rej s\u0105d powierzy\u0142 opiek\u0119 nad dzieckiem, w szczeg\u00f3lno\u015bci: jeste\u015b rodzicem zast\u0119pczym, prowadzisz rodzinny dom dziecka, sprawujesz piecz\u0119 bie\u017c\u0105c\u0105 nad dzieckiem powierzon\u0105 orzeczeniem s\u0105du, wyst\u0105pi\u0142e\u015b do s\u0105du o przysposobienie dziecka i&hellip; <a class=\"continue\" href=\"https:\/\/zlobek3plock.pl\/?page_id=1225\">Continue Reading<span> \u015awiadczenie &#8220;AKTYWNIE W \u017b\u0141OBKU&#8221;<\/span><\/a><\/p>\n","protected":false},"author":1,"featured_media":0,"parent":0,"menu_order":0,"comment_status":"closed","ping_status":"closed","template":"","meta":{"footnotes":""},"class_list":["post-1225","page","type-page","status-publish","hentry"],"yoast_head":"<!-- This site is optimized with the Yoast SEO plugin v24.9 - https:\/\/yoast.com\/wordpress\/plugins\/seo\/ -->\n<title>\u015awiadczenie &quot;AKTYWNIE W \u017b\u0141OBKU&quot; - \u017b\u0142obek Miejski nr 3 w P\u0142ocku<\/title>\n<meta name=\"robots\" content=\"index, follow, max-snippet:-1, max-image-preview:large, max-video-preview:-1\" \/>\n<link rel=\"canonical\" href=\"https:\/\/zlobek3plock.pl\/?page_id=1225\" \/>\n<meta property=\"og:locale\" content=\"en_US\" \/>\n<meta property=\"og:type\" content=\"article\" \/>\n<meta property=\"og:title\" content=\"\u015awiadczenie &quot;AKTYWNIE W \u017b\u0141OBKU&quot; - \u017b\u0142obek Miejski nr 3 w P\u0142ocku\" \/>\n<meta property=\"og:description\" content=\"\u015awiadczenie aktywnie w \u017c\u0142obku Komu przys\u0142uguje \u015bwiadczenie aktywnie w \u017c\u0142obku \u015awiadczenie aktywnie w \u017c\u0142obku przys\u0142uguje Ci, je\u015bli jeste\u015b: rodzicem (matk\u0105 albo ojcem), opiekunem prawnym, osob\u0105, kt\u00f3rej s\u0105d powierzy\u0142 opiek\u0119 nad dzieckiem, w szczeg\u00f3lno\u015bci: jeste\u015b rodzicem zast\u0119pczym, prowadzisz rodzinny dom dziecka, sprawujesz piecz\u0119 bie\u017c\u0105c\u0105 nad dzieckiem powierzon\u0105 orzeczeniem s\u0105du, wyst\u0105pi\u0142e\u015b do s\u0105du o przysposobienie dziecka i&hellip; Continue Reading \u015awiadczenie &#8220;AKTYWNIE W \u017b\u0141OBKU&#8221;\" \/>\n<meta property=\"og:url\" content=\"https:\/\/zlobek3plock.pl\/?page_id=1225\" \/>\n<meta property=\"og:site_name\" content=\"\u017b\u0142obek Miejski nr 3 w P\u0142ocku\" \/>\n<meta property=\"article:modified_time\" content=\"2024-10-04T05:25:02+00:00\" \/>\n<meta name=\"twitter:card\" content=\"summary_large_image\" \/>\n<meta name=\"twitter:label1\" content=\"Est. reading time\" \/>\n\t<meta name=\"twitter:data1\" content=\"6 minutes\" \/>\n<script type=\"application\/ld+json\" class=\"yoast-schema-graph\">{\"@context\":\"https:\/\/schema.org\",\"@graph\":[{\"@type\":\"WebPage\",\"@id\":\"https:\/\/zlobek3plock.pl\/?page_id=1225\",\"url\":\"https:\/\/zlobek3plock.pl\/?page_id=1225\",\"name\":\"\u015awiadczenie \\\"AKTYWNIE W \u017b\u0141OBKU\\\" - \u017b\u0142obek Miejski nr 3 w P\u0142ocku\",\"isPartOf\":{\"@id\":\"https:\/\/zlobek3plock.pl\/#website\"},\"datePublished\":\"2024-10-04T05:23:03+00:00\",\"dateModified\":\"2024-10-04T05:25:02+00:00\",\"breadcrumb\":{\"@id\":\"https:\/\/zlobek3plock.pl\/?page_id=1225#breadcrumb\"},\"inLanguage\":\"en-US\",\"potentialAction\":[{\"@type\":\"ReadAction\",\"target\":[\"https:\/\/zlobek3plock.pl\/?page_id=1225\"]}]},{\"@type\":\"BreadcrumbList\",\"@id\":\"https:\/\/zlobek3plock.pl\/?page_id=1225#breadcrumb\",\"itemListElement\":[{\"@type\":\"ListItem\",\"position\":1,\"name\":\"Home\",\"item\":\"https:\/\/zlobek3plock.pl\/\"},{\"@type\":\"ListItem\",\"position\":2,\"name\":\"\u015awiadczenie &#8222;AKTYWNIE W \u017b\u0141OBKU&#8221;\"}]},{\"@type\":\"WebSite\",\"@id\":\"https:\/\/zlobek3plock.pl\/#website\",\"url\":\"https:\/\/zlobek3plock.pl\/\",\"name\":\"\u017b\u0142obek Miejski nr 3 w P\u0142ocku\",\"description\":\"\",\"potentialAction\":[{\"@type\":\"SearchAction\",\"target\":{\"@type\":\"EntryPoint\",\"urlTemplate\":\"https:\/\/zlobek3plock.pl\/?s={search_term_string}\"},\"query-input\":{\"@type\":\"PropertyValueSpecification\",\"valueRequired\":true,\"valueName\":\"search_term_string\"}}],\"inLanguage\":\"en-US\"}]}<\/script>\n<!-- \/ Yoast SEO plugin. -->","yoast_head_json":{"title":"\u015awiadczenie \"AKTYWNIE W \u017b\u0141OBKU\" - \u017b\u0142obek Miejski nr 3 w P\u0142ocku","robots":{"index":"index","follow":"follow","max-snippet":"max-snippet:-1","max-image-preview":"max-image-preview:large","max-video-preview":"max-video-preview:-1"},"canonical":"https:\/\/zlobek3plock.pl\/?page_id=1225","og_locale":"en_US","og_type":"article","og_title":"\u015awiadczenie \"AKTYWNIE W \u017b\u0141OBKU\" - \u017b\u0142obek Miejski nr 3 w P\u0142ocku","og_description":"\u015awiadczenie aktywnie w \u017c\u0142obku Komu przys\u0142uguje \u015bwiadczenie aktywnie w \u017c\u0142obku \u015awiadczenie aktywnie w \u017c\u0142obku przys\u0142uguje Ci, je\u015bli jeste\u015b: rodzicem (matk\u0105 albo ojcem), opiekunem prawnym, osob\u0105, kt\u00f3rej s\u0105d powierzy\u0142 opiek\u0119 nad dzieckiem, w szczeg\u00f3lno\u015bci: jeste\u015b rodzicem zast\u0119pczym, prowadzisz rodzinny dom dziecka, sprawujesz piecz\u0119 bie\u017c\u0105c\u0105 nad dzieckiem powierzon\u0105 orzeczeniem s\u0105du, wyst\u0105pi\u0142e\u015b do s\u0105du o przysposobienie dziecka i&hellip; Continue Reading \u015awiadczenie &#8220;AKTYWNIE W \u017b\u0141OBKU&#8221;","og_url":"https:\/\/zlobek3plock.pl\/?page_id=1225","og_site_name":"\u017b\u0142obek Miejski nr 3 w P\u0142ocku","article_modified_time":"2024-10-04T05:25:02+00:00","twitter_card":"summary_large_image","twitter_misc":{"Est. reading time":"6 minutes"},"schema":{"@context":"https:\/\/schema.org","@graph":[{"@type":"WebPage","@id":"https:\/\/zlobek3plock.pl\/?page_id=1225","url":"https:\/\/zlobek3plock.pl\/?page_id=1225","name":"\u015awiadczenie \"AKTYWNIE W \u017b\u0141OBKU\" - \u017b\u0142obek Miejski nr 3 w P\u0142ocku","isPartOf":{"@id":"https:\/\/zlobek3plock.pl\/#website"},"datePublished":"2024-10-04T05:23:03+00:00","dateModified":"2024-10-04T05:25:02+00:00","breadcrumb":{"@id":"https:\/\/zlobek3plock.pl\/?page_id=1225#breadcrumb"},"inLanguage":"en-US","potentialAction":[{"@type":"ReadAction","target":["https:\/\/zlobek3plock.pl\/?page_id=1225"]}]},{"@type":"BreadcrumbList","@id":"https:\/\/zlobek3plock.pl\/?page_id=1225#breadcrumb","itemListElement":[{"@type":"ListItem","position":1,"name":"Home","item":"https:\/\/zlobek3plock.pl\/"},{"@type":"ListItem","position":2,"name":"\u015awiadczenie &#8222;AKTYWNIE W \u017b\u0141OBKU&#8221;"}]},{"@type":"WebSite","@id":"https:\/\/zlobek3plock.pl\/#website","url":"https:\/\/zlobek3plock.pl\/","name":"\u017b\u0142obek Miejski nr 3 w P\u0142ocku","description":"","potentialAction":[{"@type":"SearchAction","target":{"@type":"EntryPoint","urlTemplate":"https:\/\/zlobek3plock.pl\/?s={search_term_string}"},"query-input":{"@type":"PropertyValueSpecification","valueRequired":true,"valueName":"search_term_string"}}],"inLanguage":"en-US"}]}},"_links":{"self":[{"href":"https:\/\/zlobek3plock.pl\/index.php?rest_route=\/wp\/v2\/pages\/1225","targetHints":{"allow":["GET"]}}],"collection":[{"href":"https:\/\/zlobek3plock.pl\/index.php?rest_route=\/wp\/v2\/pages"}],"about":[{"href":"https:\/\/zlobek3plock.pl\/index.php?rest_route=\/wp\/v2\/types\/page"}],"author":[{"embeddable":true,"href":"https:\/\/zlobek3plock.pl\/index.php?rest_route=\/wp\/v2\/users\/1"}],"replies":[{"embeddable":true,"href":"https:\/\/zlobek3plock.pl\/index.php?rest_route=%2Fwp%2Fv2%2Fcomments&post=1225"}],"version-history":[{"count":2,"href":"https:\/\/zlobek3plock.pl\/index.php?rest_route=\/wp\/v2\/pages\/1225\/revisions"}],"predecessor-version":[{"id":1235,"href":"https:\/\/zlobek3plock.pl\/index.php?rest_route=\/wp\/v2\/pages\/1225\/revisions\/1235"}],"wp:attachment":[{"href":"https:\/\/zlobek3plock.pl\/index.php?rest_route=%2Fwp%2Fv2%2Fmedia&parent=1225"}],"curies":[{"name":"wp","href":"https:\/\/api.w.org\/{rel}","templated":true}]}}